{"id":18138,"date":"2020-02-16T17:45:37","date_gmt":"2020-02-16T16:45:37","guid":{"rendered":"https:\/\/www.vermikompostuj.cz\/ochrana-osobnych-udajov\/"},"modified":"2023-03-05T21:55:24","modified_gmt":"2023-03-05T20:55:24","slug":"ochrana-osobnych-udajov","status":"publish","type":"page","link":"https:\/\/www.vermikompostuj.cz\/sk\/ochrana-osobnych-udajov\/","title":{"rendered":"Ochrana osobn\u00fdch \u00fadajov"},"content":{"rendered":"\t\t<div data-elementor-type=\"wp-page\" data-elementor-id=\"18138\" class=\"elementor elementor-18138 elementor-3266\">\n\t\t\t\t\t\t<div class=\"elementor-inner\">\n\t\t\t\t<div class=\"elementor-section-wrap\">\n\t\t\t\t\t\t\t\t\t<section class=\"elementor-section elementor-top-section elementor-element elementor-element-d4228e1 elementor-section-boxed elementor-section-height-default elementor-section-height-default\" data-id=\"d4228e1\" data-element_type=\"section\">\n\t\t\t\t\t\t<div class=\"elementor-container elementor-column-gap-default\">\n\t\t\t\t\t\t\t<div class=\"elementor-row\">\n\t\t\t\t\t<div class=\"elementor-column elementor-col-100 elementor-top-column elementor-element elementor-element-64c5e37\" data-id=\"64c5e37\" data-element_type=\"column\">\n\t\t\t<div class=\"elementor-column-wrap\">\n\t\t\t\t\t\t\t<div class=\"elementor-widget-wrap\">\n\t\t\t\t\t\t\t\t<\/div>\n\t\t\t\t\t<\/div>\n\t\t<\/div>\n\t\t\t\t\t\t\t\t<\/div>\n\t\t\t\t\t<\/div>\n\t\t<\/section>\n\t\t\t\t<section class=\"elementor-section elementor-top-section elementor-element elementor-element-57af79c elementor-section-boxed elementor-section-height-default elementor-section-height-default\" data-id=\"57af79c\" data-element_type=\"section\">\n\t\t\t\t\t\t<div class=\"elementor-container elementor-column-gap-default\">\n\t\t\t\t\t\t\t<div class=\"elementor-row\">\n\t\t\t\t\t<div class=\"elementor-column elementor-col-100 elementor-top-column elementor-element elementor-element-0969467\" data-id=\"0969467\" data-element_type=\"column\">\n\t\t\t<div class=\"elementor-column-wrap elementor-element-populated\">\n\t\t\t\t\t\t\t<div class=\"elementor-widget-wrap\">\n\t\t\t\t\t\t<div class=\"elementor-element elementor-element-fad8074 elementor-widget elementor-widget-text-editor\" data-id=\"fad8074\" data-element_type=\"widget\" data-widget_type=\"text-editor.default\">\n\t\t\t\t<div class=\"elementor-widget-container\">\n\t\t\t\t\t\t\t\t<div class=\"elementor-text-editor elementor-clearfix\">\n\t\t\t\t<h3 style=\"text-align: center;\">Ochrana osobn\u00fdch \u00fadajov<\/h3>\n<div class=\"row\">\n<div class=\"col-xs-12\">\n<div id=\"clanek-obsah-container\">\n<div class=\"content\">\n<div>\n<p><strong>Z\u00c1KLADN\u00c9 ZHRNUTIE<\/strong><\/p>\n<p>Vermikompostuj.cz &#8211; Rostislav Borsk\u00fd vykon\u00e1va spracovanie va\u0161ich osobn\u00fdch \u00fadajov, ktor\u00e9 je nevyhnutn\u00e9 na plnenie zmluvy s vami o predaji tovaru (alebo na vykonanie opatren\u00ed prijat\u00fdch pred uzavret\u00edm takejto zmluvy), a tie\u017e vykon\u00e1va spracovanie va\u0161ich osobn\u00fdch \u00fadajov, ktor\u00e9 je nevyhnutn\u00e9 na plnenie verejnopr\u00e1vnych povinnost\u00ed tejto spolo\u010dnosti.<\/p>\n<ol>\n<li><strong>  TOTO\u017dNOS\u0164 A KONTAKTN\u00c9 \u00daDAJE PREV\u00c1DZKOVATE\u013dA<\/strong><\/li>\n<\/ol>\n<p>1.1. Prev\u00e1dzkovate\u013eom va\u0161ich osobn\u00fdch \u00fadajov je \u017eivnostn\u00edk Rostislav Borsk\u00fd, so s\u00eddlom Ho\u0161\u0165\u00e1lkova 37\/677, Praha 6, I\u010cO: 08960046, zap\u00edsan\u00fd v \u017eivnostenskom registri na Miestnom \u00farade mestskej \u010dasti Praha 6 (\u010falej len<strong>&#8222;prev\u00e1dzkovate\u013e&#8220;<\/strong>).<\/p>\n<p>1.2. Kontaktn\u00e9 \u00fadaje spr\u00e1vcu s\u00fa tieto: adresa pre doru\u010dovanie Ho\u0161\u0165\u00e1lkova 37\/677, Praha 6, PS\u010c 169 00, e-mailov\u00e1 adresa info@vermikompostuj.cz, telef\u00f3n +420 608 703 570.<\/p>\n<p>1.3. Prev\u00e1dzkovate\u013e nevymenoval \u00faradn\u00edka pre ochranu \u00fadajov.<\/p>\n<ol start=\"2\">\n<li><strong>  PR\u00c1VNY Z\u00c1KLAD PRE SPRACOVANIE OSOBN\u00ddCH \u00daDAJOV<\/strong><\/li>\n<\/ol>\n<p>2.1. Pr\u00e1vnym z\u00e1kladom pre spracovanie va\u0161ich osobn\u00fdch \u00fadajov je, \u017ee toto spracovanie je nevyhnutn\u00e9 na:<\/p>\n<p>2.1.1. plnenie zmluvy medzi vami a prev\u00e1dzkovate\u013eom alebo na vykonanie opatren\u00ed zo strany prev\u00e1dzkovate\u013ea pred uzavret\u00edm takejto zmluvy v zmysle \u010dl. 6 ods. 1 lit. b) Nariadenie Eur\u00f3pskeho parlamentu a Rady 2016\/679 o ochrane fyzick\u00fdch os\u00f4b pri sprac\u00favan\u00ed osobn\u00fdch \u00fadajov a o vo\u013enom pohybe tak\u00fdchto \u00fadajov, ktor\u00fdm sa zru\u0161uje smernica 95\/46\/ES (v\u0161eobecn\u00e9 nariadenie o ochrane \u00fadajov) (\u010falej len<strong>&#8222;nariadenie&#8220;<\/strong>);<\/p>\n<p>2.1.2. dodr\u017eiavanie pr\u00e1vnych povinnost\u00ed vz\u0165ahuj\u00facich sa na spr\u00e1vcu v zmysle \u010dl. 6 ods. 1 p\u00edsm. c) Nariadenia, najm\u00e4 dodr\u017eiavanie povinnost\u00ed ulo\u017een\u00fdch spr\u00e1vcovi v\u0161eobecne z\u00e1v\u00e4zn\u00fdmi pr\u00e1vnymi predpismi, najm\u00e4 z\u00e1konom \u010d. 235\/2004 Z. z. o dani z pridanej hodnoty v znen\u00ed neskor\u0161\u00edch predpisov, z\u00e1konom \u010d. 586\/1992 Zb. o daniach z pr\u00edjmov v znen\u00ed neskor\u0161\u00edch predpisov a z\u00e1konom \u010d. 563\/1991 Zb. o \u00fa\u010dtovn\u00edctve v znen\u00ed neskor\u0161\u00edch predpisov.<\/p>\n<ol start=\"3\">\n<li><strong>  \u00da\u010cEL SPRACOVANIA OSOBN\u00ddCH \u00daDAJOV<\/strong><\/li>\n<\/ol>\n<p>3.1. \u00da\u010delom sprac\u00favania va\u0161ich osobn\u00fdch \u00fadajov je plnenie zmluvy medzi vami a prev\u00e1dzkovate\u013eom vr\u00e1tane dodania tovaru a rie\u0161enia pr\u00e1v zo zodpovednosti za vady alebo vykonanie opatren\u00ed prev\u00e1dzkovate\u013eom pred uzavret\u00edm takejto zmluvy, ako aj plnenie s\u00favisiacich verejnopr\u00e1vnych povinnost\u00ed prev\u00e1dzkovate\u013ea.<\/p>\n<p>3.2. Neexistuje automatick\u00e9 individu\u00e1lne rozhodovanie spr\u00e1vcu v zmysle \u010dl. Predpis 22.<\/p>\n<ol start=\"4\">\n<li><strong>  DOBA UCHOV\u00c1VANIA OSOBN\u00ddCH \u00daDAJOV<\/strong><\/li>\n<\/ol>\n<p>4.1. Va\u0161e osobn\u00e9 \u00fadaje bud\u00fa sprac\u00favan\u00e9 po dobu trvania \u00fa\u010dinkov pr\u00e1v a povinnost\u00ed vypl\u00fdvaj\u00facich zo zmluvy a po dobu nevyhnutn\u00fa na \u00fa\u010dely archiv\u00e1cie v s\u00falade s pr\u00edslu\u0161n\u00fdmi v\u0161eobecne z\u00e1v\u00e4zn\u00fdmi pr\u00e1vnymi predpismi, najdlh\u0161ie v\u0161ak po dobu stanoven\u00fa v\u0161eobecne z\u00e1v\u00e4zn\u00fdmi pr\u00e1vnymi predpismi.<\/p>\n<p>4.2. Doba, po\u010das ktorej bude prev\u00e1dzkovate\u013e uchov\u00e1va\u0165 va\u0161e osobn\u00e9 \u00fadaje na \u00fa\u010dely zasielania obchodn\u00fdch ozn\u00e1men\u00ed (marketingov\u00fdch pon\u00fak) a na in\u00e9 marketingov\u00e9 aktivity vo vz\u0165ahu k va\u0161ej osobe (ak s t\u00fdmto spracovan\u00edm s\u00fahlas\u00edte), je 5 rokov odo d\u0148a udelenia s\u00fahlasu, najdlh\u0161ie v\u0161ak do odvolania v\u00e1\u0161ho s\u00fahlasu so spracovan\u00edm osobn\u00fdch \u00fadajov (na tento \u00fa\u010del spracovania).<\/p>\n<ol start=\"5\">\n<li><strong>  \u010eAL\u0160\u00cd PR\u00cdJEMCOVIA OSOBN\u00ddCH \u00daDAJOV<\/strong><\/li>\n<\/ol>\n<p>5.1. \u010eal\u0161\u00edmi pr\u00edjemcami va\u0161ich osobn\u00fdch \u00fadajov bud\u00fa prepravn\u00e9 spolo\u010dnosti a in\u00e9 osoby a spolo\u010dnosti, ktor\u00e9 sa podie\u013eaj\u00fa na dodan\u00ed tovaru alebo realiz\u00e1cii platieb na z\u00e1klade k\u00fapnej zmluvy, a osoby, ktor\u00e9 pre spr\u00e1vcu poskytuj\u00fa technick\u00e9 slu\u017eby s\u00favisiace s prev\u00e1dzkou e-shopu vr\u00e1tane prev\u00e1dzky softv\u00e9ru a uchov\u00e1vania \u00fadajov. \u010eal\u0161\u00edmi pr\u00edjemcami va\u0161ich osobn\u00fdch \u00fadajov bud\u00fa tretie strany, ako napr\u00edklad. prv\u00fdch z\u00e1stupcov, s\u00fadov na \u00fa\u010dely vym\u00e1hania alebo uzavretia akejko\u013evek zmluvy s vami. Okrem toho verejn\u00e9 org\u00e1ny (napr. pol\u00edcia).  <\/p>\n<p>5.2. Okrem toho pr\u00edjemcami va\u0161ich osobn\u00fdch \u00fadajov sprac\u00favan\u00fdch na \u00fa\u010dely plnenia z\u00e1konn\u00fdch povinnost\u00ed m\u00f4\u017eu by\u0165 da\u0148ov\u00e9 \u00farady alebo in\u00e9 pr\u00edslu\u0161n\u00e9 org\u00e1ny v pr\u00edpadoch, ke\u010f to prev\u00e1dzkovate\u013eovi ukladaj\u00fa v\u0161eobecne z\u00e1v\u00e4zn\u00e9 pr\u00e1vne predpisy.<\/p>\n<p>5.3. Prev\u00e1dzkovate\u013e nem\u00e1 v \u00famysle prenies\u0165 va\u0161e osobn\u00e9 \u00fadaje do tretej krajiny (mimo E\u00da) alebo medzin\u00e1rodnej organiz\u00e1cii.<\/p>\n<ol start=\"6\">\n<li><strong>  PR\u00c1VA DOTKNUTEJ OSOBY<\/strong><\/li>\n<\/ol>\n<p>6.1. Za podmienok stanoven\u00fdch v nariaden\u00ed m\u00e1te pr\u00e1vo po\u017eadova\u0165 od prev\u00e1dzkovate\u013ea pr\u00edstup k svojim osobn\u00fdm \u00fadajom, pr\u00e1vo na opravu alebo vymazanie svojich osobn\u00fdch \u00fadajov alebo obmedzenie ich sprac\u00favania, pr\u00e1vo namieta\u0165 proti sprac\u00favaniu svojich osobn\u00fdch \u00fadajov a pr\u00e1vo na prenosnos\u0165 svojich osobn\u00fdch \u00fadajov.<\/p>\n<p>6.2. Ak sa domnievate, \u017ee spracovan\u00edm va\u0161ich osobn\u00fdch \u00fadajov bolo alebo je poru\u0161en\u00e9 nariadenie, m\u00e1te okrem in\u00e9ho pr\u00e1vo poda\u0165 s\u0165a\u017enos\u0165 dozorn\u00e9mu org\u00e1nu.<\/p>\n<p>6.3. Nie ste povinn\u00fd poskytn\u00fa\u0165 osobn\u00e9 \u00fadaje. Poskytnutie va\u0161ich osobn\u00fdch \u00fadajov je nevyhnutnou po\u017eiadavkou na uzavretie a plnenie zmluvy a bez poskytnutia va\u0161ich osobn\u00fdch \u00fadajov nem\u00f4\u017ee by\u0165 zmluva uzavret\u00e1 alebo plnen\u00e1 prev\u00e1dzkovate\u013eom.<\/p>\n<p>6.4. M\u00e1te pr\u00e1vo kedyko\u013evek odvola\u0165 svoj s\u00fahlas so spracovan\u00edm va\u0161ich osobn\u00fdch \u00fadajov udelen\u00fd prev\u00e1dzkovate\u013eovi. To v\u0161ak nem\u00e1 vplyv na z\u00e1konnos\u0165 spracovania va\u0161ich osobn\u00fdch \u00fadajov pred odvolan\u00edm s\u00fahlasu. S\u00fahlas so spracovan\u00edm va\u0161ich osobn\u00fdch \u00fadajov m\u00f4\u017eete odvola\u0165 nasleduj\u00facim sp\u00f4sobom: zaslan\u00edm p\u00edsomnej \u017eiadosti na adresu prev\u00e1dzkovate\u013ea alebo e-mailom.<\/p>\n<p class=\"uroven2\">6.5. M\u00e1te pr\u00e1vo kedyko\u013evek namieta\u0165 proti spracovaniu va\u0161ich osobn\u00fdch \u00fadajov na \u00fa\u010dely priameho marketingu vr\u00e1tane profilovania, ak sa profilovanie t\u00fdka tak\u00e9hoto priameho marketingu. Ak namietate proti spracovaniu va\u0161ich osobn\u00fdch \u00fadajov na \u00fa\u010dely priameho marketingu, va\u0161e osobn\u00e9 \u00fadaje sa na tieto \u00fa\u010dely u\u017e nebud\u00fa sprac\u00fava\u0165.<\/p>\n<\/div>\n<\/div>\n<\/div>\n<\/div>\n<\/div>\n\t\t\t\t\t<\/div>\n\t\t\t\t\t\t<\/div>\n\t\t\t\t<\/div>\n\t\t\t\t\t\t<\/div>\n\t\t\t\t\t<\/div>\n\t\t<\/div>\n\t\t\t\t\t\t\t\t<\/div>\n\t\t\t\t\t<\/div>\n\t\t<\/section>\n\t\t\t\t\t\t\t\t\t<\/div>\n\t\t\t<\/div>\n\t\t\t\t\t<\/div>\n\t\t","protected":false},"excerpt":{"rendered":"<p>Ochrana osobn\u00fdch \u00fadajov Z\u00c1KLADN\u00c9 ZHRNUTIE Vermikompostuj.cz &#8211; Rostislav Borsk\u00fd vykon\u00e1va spracovanie va\u0161ich osobn\u00fdch \u00fadajov, ktor\u00e9 je nevyhnutn\u00e9 na plnenie zmluvy s vami o predaji tovaru (alebo na vykonanie opatren\u00ed prijat\u00fdch pred uzavret\u00edm takejto zmluvy), a tie\u017e vykon\u00e1va spracovanie va\u0161ich osobn\u00fdch \u00fadajov, ktor\u00e9 je nevyhnutn\u00e9 na plnenie verejnopr\u00e1vnych povinnost\u00ed tejto spolo\u010dnosti. TOTO\u017dNOS\u0164 A KONTAKTN\u00c9 \u00daDAJE PREV\u00c1DZKOVATE\u013dA &hellip;<\/p>\n<p class=\"read-more\"> <a class=\"\" href=\"https:\/\/www.vermikompostuj.cz\/sk\/ochrana-osobnych-udajov\/\"> <span class=\"screen-reader-text\">Ochrana osobn\u00fdch \u00fadajov<\/span> \u010c\u00edtajte viac &raquo;<\/a><\/p>\n","protected":false},"author":1,"featured_media":0,"parent":0,"menu_order":0,"comment_status":"closed","ping_status":"closed","template":"","meta":{"site-sidebar-layout":"right-sidebar","site-content-layout":"page-builder","ast-global-header-display":"","ast-main-header-display":"","ast-hfb-above-header-display":"","ast-hfb-below-header-display":"","ast-hfb-mobile-header-display":"","site-post-title":"disabled","ast-breadcrumbs-content":"","ast-featured-img":"disabled","footer-sml-layout":"","theme-transparent-header-meta":"default","adv-header-id-meta":"","stick-header-meta":"","header-above-stick-meta":"","header-main-stick-meta":"","header-below-stick-meta":"","footnotes":""},"class_list":["post-18138","page","type-page","status-publish","hentry"],"yoast_head":"<!-- This site is optimized with the Yoast SEO plugin v24.1 - https:\/\/yoast.com\/wordpress\/plugins\/seo\/ -->\n<title>Ochrana osobn\u00fdch \u00fadajov - Vermikompostuj.cz<\/title>\n<meta name=\"robots\" content=\"index, follow, max-snippet:-1, max-image-preview:large, max-video-preview:-1\" \/>\n<link rel=\"canonical\" href=\"https:\/\/www.vermikompostuj.cz\/sk\/ochrana-osobnych-udajov\/\" \/>\n<meta property=\"og:locale\" content=\"sk_SK\" \/>\n<meta property=\"og:type\" content=\"article\" \/>\n<meta property=\"og:title\" content=\"Ochrana osobn\u00fdch \u00fadajov - Vermikompostuj.cz\" \/>\n<meta property=\"og:description\" content=\"Ochrana osobn\u00fdch \u00fadajov Z\u00c1KLADN\u00c9 ZHRNUTIE Vermikompostuj.cz &#8211; Rostislav Borsk\u00fd vykon\u00e1va spracovanie va\u0161ich osobn\u00fdch \u00fadajov, ktor\u00e9 je nevyhnutn\u00e9 na plnenie zmluvy s vami o predaji tovaru (alebo na vykonanie opatren\u00ed prijat\u00fdch pred uzavret\u00edm takejto zmluvy), a tie\u017e vykon\u00e1va spracovanie va\u0161ich osobn\u00fdch \u00fadajov, ktor\u00e9 je nevyhnutn\u00e9 na plnenie verejnopr\u00e1vnych povinnost\u00ed tejto spolo\u010dnosti. TOTO\u017dNOS\u0164 A KONTAKTN\u00c9 \u00daDAJE PREV\u00c1DZKOVATE\u013dA &hellip; Ochrana osobn\u00fdch \u00fadajov \u010c\u00edtajte viac &raquo;\" \/>\n<meta property=\"og:url\" content=\"https:\/\/www.vermikompostuj.cz\/sk\/ochrana-osobnych-udajov\/\" \/>\n<meta property=\"og:site_name\" content=\"Vermikompostuj.cz\" \/>\n<meta property=\"article:publisher\" content=\"https:\/\/www.facebook.com\/prodejkalifornskychzizal\/\" \/>\n<meta property=\"article:modified_time\" content=\"2023-03-05T20:55:24+00:00\" \/>\n<meta name=\"twitter:card\" content=\"summary_large_image\" \/>\n<meta name=\"twitter:label1\" content=\"Predpokladan\u00fd \u010das \u010d\u00edtania\" \/>\n\t<meta name=\"twitter:data1\" content=\"5 min\u00fat\" \/>\n<script type=\"application\/ld+json\" class=\"yoast-schema-graph\">{\"@context\":\"https:\/\/schema.org\",\"@graph\":[{\"@type\":\"WebPage\",\"@id\":\"https:\/\/www.vermikompostuj.cz\/sk\/ochrana-osobnych-udajov\/\",\"url\":\"https:\/\/www.vermikompostuj.cz\/sk\/ochrana-osobnych-udajov\/\",\"name\":\"Ochrana osobn\u00fdch \u00fadajov - Vermikompostuj.cz\",\"isPartOf\":{\"@id\":\"https:\/\/www.vermikompostuj.cz\/sk\/cz\/#website\"},\"datePublished\":\"2020-02-16T16:45:37+00:00\",\"dateModified\":\"2023-03-05T20:55:24+00:00\",\"breadcrumb\":{\"@id\":\"https:\/\/www.vermikompostuj.cz\/sk\/ochrana-osobnych-udajov\/#breadcrumb\"},\"inLanguage\":\"sk-SK\",\"potentialAction\":[{\"@type\":\"ReadAction\",\"target\":[\"https:\/\/www.vermikompostuj.cz\/sk\/ochrana-osobnych-udajov\/\"]}]},{\"@type\":\"BreadcrumbList\",\"@id\":\"https:\/\/www.vermikompostuj.cz\/sk\/ochrana-osobnych-udajov\/#breadcrumb\",\"itemListElement\":[{\"@type\":\"ListItem\",\"position\":1,\"name\":\"Dom\u016f\",\"item\":\"https:\/\/www.vermikompostuj.cz\/sk\/shop-2\/\"},{\"@type\":\"ListItem\",\"position\":2,\"name\":\"Ochrana osobn\u00fdch \u00fadajov\"}]},{\"@type\":\"WebSite\",\"@id\":\"https:\/\/www.vermikompostuj.cz\/sk\/cz\/#website\",\"url\":\"https:\/\/www.vermikompostuj.cz\/sk\/cz\/\",\"name\":\"Vermikompostuj.cz-Prodej kalifornsk\u00fdch \u017e\u00ed\u017eal\",\"description\":\"Prodej kalifornsk\u00fdch \u017e\u00ed\u017eal\",\"publisher\":{\"@id\":\"https:\/\/www.vermikompostuj.cz\/sk\/cz\/#organization\"},\"potentialAction\":[{\"@type\":\"SearchAction\",\"target\":{\"@type\":\"EntryPoint\",\"urlTemplate\":\"https:\/\/www.vermikompostuj.cz\/sk\/cz\/?s={search_term_string}\"},\"query-input\":{\"@type\":\"PropertyValueSpecification\",\"valueRequired\":true,\"valueName\":\"search_term_string\"}}],\"inLanguage\":\"sk-SK\"},{\"@type\":\"Organization\",\"@id\":\"https:\/\/www.vermikompostuj.cz\/sk\/cz\/#organization\",\"name\":\"Vermikompostuj.cz\",\"url\":\"https:\/\/www.vermikompostuj.cz\/sk\/cz\/\",\"logo\":{\"@type\":\"ImageObject\",\"inLanguage\":\"sk-SK\",\"@id\":\"https:\/\/www.vermikompostuj.cz\/sk\/cz\/#\/schema\/logo\/image\/\",\"url\":\"https:\/\/www.vermikompostuj.cz\/wp-content\/uploads\/2020\/02\/8593932_001V-1.jpg\",\"contentUrl\":\"https:\/\/www.vermikompostuj.cz\/wp-content\/uploads\/2020\/02\/8593932_001V-1.jpg\",\"width\":840,\"height\":558,\"caption\":\"Vermikompostuj.cz\"},\"image\":{\"@id\":\"https:\/\/www.vermikompostuj.cz\/sk\/cz\/#\/schema\/logo\/image\/\"},\"sameAs\":[\"https:\/\/www.facebook.com\/prodejkalifornskychzizal\/\",\"https:\/\/www.instagram.com\/vermikompostuj.cz\/\",\"https:\/\/cs.wikipedia.org\/wiki\/Vermikompost\"]}]}<\/script>\n<!-- \/ Yoast SEO plugin. -->","yoast_head_json":{"title":"Ochrana osobn\u00fdch \u00fadajov - Vermikompostuj.cz","robots":{"index":"index","follow":"follow","max-snippet":"max-snippet:-1","max-image-preview":"max-image-preview:large","max-video-preview":"max-video-preview:-1"},"canonical":"https:\/\/www.vermikompostuj.cz\/sk\/ochrana-osobnych-udajov\/","og_locale":"sk_SK","og_type":"article","og_title":"Ochrana osobn\u00fdch \u00fadajov - Vermikompostuj.cz","og_description":"Ochrana osobn\u00fdch \u00fadajov Z\u00c1KLADN\u00c9 ZHRNUTIE Vermikompostuj.cz &#8211; Rostislav Borsk\u00fd vykon\u00e1va spracovanie va\u0161ich osobn\u00fdch \u00fadajov, ktor\u00e9 je nevyhnutn\u00e9 na plnenie zmluvy s vami o predaji tovaru (alebo na vykonanie opatren\u00ed prijat\u00fdch pred uzavret\u00edm takejto zmluvy), a tie\u017e vykon\u00e1va spracovanie va\u0161ich osobn\u00fdch \u00fadajov, ktor\u00e9 je nevyhnutn\u00e9 na plnenie verejnopr\u00e1vnych povinnost\u00ed tejto spolo\u010dnosti. TOTO\u017dNOS\u0164 A KONTAKTN\u00c9 \u00daDAJE PREV\u00c1DZKOVATE\u013dA &hellip; Ochrana osobn\u00fdch \u00fadajov \u010c\u00edtajte viac &raquo;","og_url":"https:\/\/www.vermikompostuj.cz\/sk\/ochrana-osobnych-udajov\/","og_site_name":"Vermikompostuj.cz","article_publisher":"https:\/\/www.facebook.com\/prodejkalifornskychzizal\/","article_modified_time":"2023-03-05T20:55:24+00:00","twitter_card":"summary_large_image","twitter_misc":{"Predpokladan\u00fd \u010das \u010d\u00edtania":"5 min\u00fat"},"schema":{"@context":"https:\/\/schema.org","@graph":[{"@type":"WebPage","@id":"https:\/\/www.vermikompostuj.cz\/sk\/ochrana-osobnych-udajov\/","url":"https:\/\/www.vermikompostuj.cz\/sk\/ochrana-osobnych-udajov\/","name":"Ochrana osobn\u00fdch \u00fadajov - Vermikompostuj.cz","isPartOf":{"@id":"https:\/\/www.vermikompostuj.cz\/sk\/cz\/#website"},"datePublished":"2020-02-16T16:45:37+00:00","dateModified":"2023-03-05T20:55:24+00:00","breadcrumb":{"@id":"https:\/\/www.vermikompostuj.cz\/sk\/ochrana-osobnych-udajov\/#breadcrumb"},"inLanguage":"sk-SK","potentialAction":[{"@type":"ReadAction","target":["https:\/\/www.vermikompostuj.cz\/sk\/ochrana-osobnych-udajov\/"]}]},{"@type":"BreadcrumbList","@id":"https:\/\/www.vermikompostuj.cz\/sk\/ochrana-osobnych-udajov\/#breadcrumb","itemListElement":[{"@type":"ListItem","position":1,"name":"Dom\u016f","item":"https:\/\/www.vermikompostuj.cz\/sk\/shop-2\/"},{"@type":"ListItem","position":2,"name":"Ochrana osobn\u00fdch \u00fadajov"}]},{"@type":"WebSite","@id":"https:\/\/www.vermikompostuj.cz\/sk\/cz\/#website","url":"https:\/\/www.vermikompostuj.cz\/sk\/cz\/","name":"Vermikompostuj.cz-Prodej kalifornsk\u00fdch \u017e\u00ed\u017eal","description":"Prodej kalifornsk\u00fdch \u017e\u00ed\u017eal","publisher":{"@id":"https:\/\/www.vermikompostuj.cz\/sk\/cz\/#organization"},"potentialAction":[{"@type":"SearchAction","target":{"@type":"EntryPoint","urlTemplate":"https:\/\/www.vermikompostuj.cz\/sk\/cz\/?s={search_term_string}"},"query-input":{"@type":"PropertyValueSpecification","valueRequired":true,"valueName":"search_term_string"}}],"inLanguage":"sk-SK"},{"@type":"Organization","@id":"https:\/\/www.vermikompostuj.cz\/sk\/cz\/#organization","name":"Vermikompostuj.cz","url":"https:\/\/www.vermikompostuj.cz\/sk\/cz\/","logo":{"@type":"ImageObject","inLanguage":"sk-SK","@id":"https:\/\/www.vermikompostuj.cz\/sk\/cz\/#\/schema\/logo\/image\/","url":"https:\/\/www.vermikompostuj.cz\/wp-content\/uploads\/2020\/02\/8593932_001V-1.jpg","contentUrl":"https:\/\/www.vermikompostuj.cz\/wp-content\/uploads\/2020\/02\/8593932_001V-1.jpg","width":840,"height":558,"caption":"Vermikompostuj.cz"},"image":{"@id":"https:\/\/www.vermikompostuj.cz\/sk\/cz\/#\/schema\/logo\/image\/"},"sameAs":["https:\/\/www.facebook.com\/prodejkalifornskychzizal\/","https:\/\/www.instagram.com\/vermikompostuj.cz\/","https:\/\/cs.wikipedia.org\/wiki\/Vermikompost"]}]}},"_links":{"self":[{"href":"https:\/\/www.vermikompostuj.cz\/sk\/wp-json\/wp\/v2\/pages\/18138","targetHints":{"allow":["GET"]}}],"collection":[{"href":"https:\/\/www.vermikompostuj.cz\/sk\/wp-json\/wp\/v2\/pages"}],"about":[{"href":"https:\/\/www.vermikompostuj.cz\/sk\/wp-json\/wp\/v2\/types\/page"}],"author":[{"embeddable":true,"href":"https:\/\/www.vermikompostuj.cz\/sk\/wp-json\/wp\/v2\/users\/1"}],"replies":[{"embeddable":true,"href":"https:\/\/www.vermikompostuj.cz\/sk\/wp-json\/wp\/v2\/comments?post=18138"}],"version-history":[{"count":1,"href":"https:\/\/www.vermikompostuj.cz\/sk\/wp-json\/wp\/v2\/pages\/18138\/revisions"}],"predecessor-version":[{"id":18140,"href":"https:\/\/www.vermikompostuj.cz\/sk\/wp-json\/wp\/v2\/pages\/18138\/revisions\/18140"}],"wp:attachment":[{"href":"https:\/\/www.vermikompostuj.cz\/sk\/wp-json\/wp\/v2\/media?parent=18138"}],"curies":[{"name":"wp","href":"https:\/\/api.w.org\/{rel}","templated":true}]}}