{"id":18142,"date":"2020-02-21T17:59:24","date_gmt":"2020-02-21T16:59:24","guid":{"rendered":"https:\/\/www.vermikompostuj.cz\/co-patri-do-vermikompostu\/"},"modified":"2023-03-05T21:55:25","modified_gmt":"2023-03-05T20:55:25","slug":"co-patri-do-vermikompostu","status":"publish","type":"page","link":"https:\/\/www.vermikompostuj.cz\/sk\/co-patri-do-vermikompostu\/","title":{"rendered":"\u010co patr\u00ed do vermikompostu?"},"content":{"rendered":"\t\t<div data-elementor-type=\"wp-page\" data-elementor-id=\"18142\" class=\"elementor elementor-18142 elementor-3566\">\n\t\t\t\t\t\t<div class=\"elementor-inner\">\n\t\t\t\t<div class=\"elementor-section-wrap\">\n\t\t\t\t\t\t\t\t\t<section class=\"elementor-section elementor-top-section elementor-element elementor-element-2983069 elementor-section-boxed elementor-section-height-default elementor-section-height-default\" data-id=\"2983069\" data-element_type=\"section\" data-settings=\"{&quot;background_background&quot;:&quot;classic&quot;}\">\n\t\t\t\t\t\t<div class=\"elementor-container elementor-column-gap-default\">\n\t\t\t\t\t\t\t<div class=\"elementor-row\">\n\t\t\t\t\t<div class=\"elementor-column elementor-col-100 elementor-top-column elementor-element elementor-element-8073917\" data-id=\"8073917\" data-element_type=\"column\">\n\t\t\t<div class=\"elementor-column-wrap elementor-element-populated\">\n\t\t\t\t\t\t\t<div class=\"elementor-widget-wrap\">\n\t\t\t\t\t\t<div class=\"elementor-element elementor-element-ac1dac0 elementor-widget elementor-widget-heading\" data-id=\"ac1dac0\" data-element_type=\"widget\" data-widget_type=\"heading.default\">\n\t\t\t\t<div class=\"elementor-widget-container\">\n\t\t\t<h2 class=\"elementor-heading-title elementor-size-default\">\u010co patr\u00ed a nepatr\u00ed do vermikompost\u00e9ra?<\/h2>\t\t<\/div>\n\t\t\t\t<\/div>\n\t\t\t\t\t\t<\/div>\n\t\t\t\t\t<\/div>\n\t\t<\/div>\n\t\t\t\t\t\t\t\t<\/div>\n\t\t\t\t\t<\/div>\n\t\t<\/section>\n\t\t\t\t<section class=\"elementor-section elementor-top-section elementor-element elementor-element-bfc6272 elementor-section-boxed elementor-section-height-default elementor-section-height-default\" data-id=\"bfc6272\" data-element_type=\"section\" data-settings=\"{&quot;background_background&quot;:&quot;classic&quot;}\">\n\t\t\t\t\t\t\t<div class=\"elementor-background-overlay\"><\/div>\n\t\t\t\t\t\t\t<div class=\"elementor-container elementor-column-gap-default\">\n\t\t\t\t\t\t\t<div class=\"elementor-row\">\n\t\t\t\t\t<div class=\"elementor-column elementor-col-66 elementor-top-column elementor-element elementor-element-7dfb5ed\" data-id=\"7dfb5ed\" data-element_type=\"column\">\n\t\t\t<div class=\"elementor-column-wrap elementor-element-populated\">\n\t\t\t\t\t\t\t<div class=\"elementor-widget-wrap\">\n\t\t\t\t\t\t<div class=\"elementor-element elementor-element-0132c8a elementor-widget elementor-widget-text-editor\" data-id=\"0132c8a\" data-element_type=\"widget\" data-widget_type=\"text-editor.default\">\n\t\t\t\t<div class=\"elementor-widget-container\">\n\t\t\t\t\t\t\t\t<div class=\"elementor-text-editor elementor-clearfix\">\n\t\t\t\t<h4>\u010co<strong> urob\u00ed d\u00e1\u017e\u010fovky naj\u0161\u0165astnej\u0161\u00edmi<\/strong>?<\/h4>\n<ul>\n<li><strong>Zvy\u0161ky ovocia a zeleniny<\/strong> &#8211; ide\u00e1lne s\u00fa nakr\u00e1jan\u00e9 na men\u0161ie k\u00fasky<\/li>\n<li><strong>Cibu\u013eov\u00e9 a cesnakov\u00e9 \u0161upky<\/strong><\/li>\n<li><strong>\u010cajov\u00e9 vrec\u00fa\u0161ka<\/strong><\/li>\n<li><strong>Zvy\u0161ky k\u00e1vy<\/strong> &#8211; l\u00f3gr<\/li>\n<li><strong>Potrhan\u00fd papier, serv\u00edtky, nezviazan\u00e9 \u010dasopisy<\/strong><\/li>\n<li><strong>Piliny<\/strong><\/li>\n<li><strong>Spadan\u00e9 l\u00edstie zo z\u00e1hrady<\/strong> &#8211; (okrem orechov)<\/li>\n<li><strong>rozdrven\u00e9 vaje\u010dn\u00e9 \u0161krupiny<\/strong> &#8211; \u0161krupiny prid\u00e1vaj\u00fa do v\u00fdsledn\u00e9ho kompostu v\u00e1pnik, ktor\u00fd je ve\u013emi d\u00f4le\u017eitou zlo\u017ekou pre \u010fal\u0161ie hnojenie rastl\u00edn<\/li>\n<li><strong>Exkrementy hospod\u00e1rskych zvierat<\/strong> &#8211; len pre ve\u013ek\u00e9 vonkaj\u0161ie kompostovanie<\/li>\n<\/ul>\n<h6><strong style=\"font-size: 1.3em;\">Na \u010do si da\u0165 pozor<\/strong><\/h6>\n<ul>\n<li><strong>Zvy\u0161ky pe\u010diva, cukr\u00edkov a su\u0161ienok<\/strong> &#8211; pre d\u00e1\u017e\u010fovky to nie je \u017eiadny probl\u00e9m, poradia si aj s pe\u010divom, len by som neodpor\u00fa\u010dala prid\u00e1va\u0165 do dom\u00e1cich vermikompost\u00e9rov ve\u013ek\u00e9 mno\u017estvo pe\u010diva, preto\u017ee pe\u010divo za\u010dne ve\u013emi r\u00fdchlo plesnivie\u0165 a my nechceme ma\u0165 doma plese\u0148, tak\u017ee m\u00f4\u017eeme prida\u0165 len primeran\u00e9 mno\u017estvo.<\/li>\n<li><strong>Zvy\u0161ky jedla (nie m\u00e4sov\u00e9 v\u00fdrobky<\/strong> ) &#8211; m\u00f4\u017eeme prid\u00e1va\u0165 zvy\u0161ky z dom\u00e1cej kuchyne, len by som odpor\u00fa\u010dala zv\u00e1\u017ei\u0165 mno\u017estvo, ktor\u00e9 prid\u00e1vate, ur\u010dite by som do kompostu neprid\u00e1vala napr\u00edklad zvy\u0161ky om\u00e1\u010dok, ak\u00e9ko\u013evek tekutej\u0161ie zvy\u0161ky alebo \u010doko\u013evek, \u010do s\u00favis\u00ed s m\u00e4som, mohlo by to m\u00e4so znehodnoti\u0165<\/li>\n<li><strong>\u010cerstv\u00e1 tr\u00e1va<\/strong>  &#8211; jedin\u00fdm probl\u00e9mom je zahrievanie, ktor\u00e9 vznik\u00e1 pri rozmrazovan\u00ed tr\u00e1vy, ve\u013ek\u00e9 mno\u017estvo tr\u00e1vy m\u00f4\u017ee kompost prehria\u0165 na 80 \u00b0C, \u010do je teplota nezlu\u010dite\u013en\u00e1 so \u017eivotom d\u00e1\u017e\u010foviek, ktor\u00e9 znes\u00fa maxim\u00e1lne 30 \u00b0C, preto m\u00f4\u017eeme tr\u00e1vu prid\u00e1va\u0165 len v mal\u00fdch mno\u017estv\u00e1ch alebo \u010derstv\u00fa tr\u00e1vu necha\u0165 aspo\u0148 t\u00fd\u017ede\u0148 na hromade mimo kompostu, kde sa uvo\u013en\u00ed najv\u00e4\u010d\u0161ie mno\u017estvo tepla, a potom m\u00f4\u017eeme tr\u00e1vu prida\u0165 na spracovanie d\u00e1\u017e\u010fovkami<\/li>\n<li><strong>Listy vla\u0161sk\u00fdch orechov<\/strong> &#8211; nie je to probl\u00e9m, ale je potrebn\u00e9 vzia\u0165 do \u00favahy, \u017ee listy vla\u0161sk\u00fdch orechov s\u00fa ve\u013emi tvrd\u00e9 a zostan\u00fa vo vermikomposte ove\u013ea dlh\u0161ie ako in\u00e9 rastlinn\u00e9 zvy\u0161ky.<\/li>\n<li><strong>Citrusov\u00e9 \u0161upky<\/strong> &#8211; m\u00f4\u017eu sa \u013eahko prid\u00e1va\u0165 do z\u00e1hradn\u00fdch vermikompost\u00e9rov, len by som zv\u00e1\u017eil ich pr\u00edtomnos\u0165 v dom\u00e1cich vermikompost\u00e9roch, preto\u017ee op\u00e4\u0165 predstavuj\u00fa vysok\u00e9 riziko vzniku plesn\u00ed<\/li>\n<li><strong>Knedle<\/strong> &#8211; pravdepodobne najn\u00e1chylnej\u0161ie z vy\u0161\u0161ie uveden\u00fdch na rast plesn\u00ed, preto by som ich rozhodne neodpor\u00fa\u010dal prid\u00e1va\u0165 do dom\u00e1cich vermikompost\u00e9rov<\/li>\n<li><strong>Popol<\/strong> &#8211; nie je spracovan\u00fd d\u00e1\u017e\u010fovkami, tak\u017ee zost\u00e1va v rovnakej forme, len sa zmie\u0161a s u\u017e vytvorenou p\u00f4dou<strong style=\"font-size: 16px;\"><br \/><\/strong><\/li>\n<\/ul>\n<h4>\u010comu sa rozhodne vyhn\u00fa\u0165<\/h4>\n<ul>\n<li><strong>Mlie\u010dne v\u00fdrobky<\/strong> &#8211; doch\u00e1dza ku kvaseniu a kazeniu mlieka, \u010do sp\u00f4sobuje nepr\u00edjemn\u00fd z\u00e1pach a rozhodne nepatr\u00ed do vermikompostovania<\/li>\n<li><strong>M\u00e4so<\/strong> &#8211; doch\u00e1dza k hnitiu m\u00e4sa, ktor\u00e9 produkuje extr\u00e9mny z\u00e1pach a rozmno\u017euje \u010fal\u0161ie ne\u017eiaduce organizmy, ktor\u00e9 sa nez\u00fa\u010dast\u0148uj\u00fa kompostovania, preto sa rozhodne neodpor\u00fa\u010da.<\/li>\n<li><strong>Kosti<\/strong> &#8211; zost\u00e1vaj\u00fa vo vermikomposte neporu\u0161en\u00e9 nieko\u013eko rokov, nedoch\u00e1dza k ich premene<\/li>\n<li><strong>Tuky a oleje<\/strong> &#8211; s\u00fa pre d\u00e1\u017e\u010fovky \u0161kodliv\u00e9 a nemaj\u00fa \u017eiadny \u00fa\u010dinok<\/li>\n<\/ul>\n\t\t\t\t\t<\/div>\n\t\t\t\t\t\t<\/div>\n\t\t\t\t<\/div>\n\t\t\t\t\t\t<\/div>\n\t\t\t\t\t<\/div>\n\t\t<\/div>\n\t\t\t\t<div class=\"elementor-column elementor-col-33 elementor-top-column elementor-element elementor-element-366cdde\" data-id=\"366cdde\" data-element_type=\"column\">\n\t\t\t<div class=\"elementor-column-wrap elementor-element-populated\">\n\t\t\t\t\t\t\t<div class=\"elementor-widget-wrap\">\n\t\t\t\t\t\t<div class=\"elementor-element elementor-element-944bcfb elementor-widget elementor-widget-image\" data-id=\"944bcfb\" data-element_type=\"widget\" data-widget_type=\"image.default\">\n\t\t\t\t<div class=\"elementor-widget-container\">\n\t\t\t\t\t\t\t\t<div class=\"elementor-image\">\n\t\t\t\t\t\t\t\t\t\t\t\t<img loading=\"lazy\" decoding=\"async\" width=\"768\" height=\"512\" src=\"https:\/\/www.vermikompostuj.cz\/wp-content\/uploads\/2020\/02\/4023782434_ce4f272223_b-768x512.jpg\" class=\"attachment-medium_large size-medium_large wp-image-17961\" alt=\"\" srcset=\"https:\/\/www.vermikompostuj.cz\/wp-content\/uploads\/2020\/02\/4023782434_ce4f272223_b-768x512.jpg 768w, https:\/\/www.vermikompostuj.cz\/wp-content\/uploads\/2020\/02\/4023782434_ce4f272223_b-300x200.jpg 300w, https:\/\/www.vermikompostuj.cz\/wp-content\/uploads\/2020\/02\/4023782434_ce4f272223_b.jpg 1024w\" sizes=\"auto, (max-width: 768px) 100vw, 768px\" \/>\t\t\t\t\t\t\t\t\t\t\t\t\t\t<\/div>\n\t\t\t\t\t\t<\/div>\n\t\t\t\t<\/div>\n\t\t\t\t<div class=\"elementor-element elementor-element-914f171 elementor-align-center elementor-widget elementor-widget-button\" data-id=\"914f171\" data-element_type=\"widget\" data-widget_type=\"button.default\">\n\t\t\t\t<div class=\"elementor-widget-container\">\n\t\t\t\t\t<div class=\"elementor-button-wrapper\">\n\t\t\t<a href=\"http:\/\/www.vermikompostuj.cz\/\" class=\"elementor-button-link elementor-button elementor-size-sm\" role=\"button\">\n\t\t\t\t\t\t<span class=\"elementor-button-content-wrapper\">\n\t\t\t\t\t\t\t<span class=\"elementor-button-icon elementor-align-icon-left\">\n\t\t\t\t<i aria-hidden=\"true\" class=\"fas fa-shopping-cart\"><\/i>\t\t\t<\/span>\n\t\t\t\t\t\t<span class=\"elementor-button-text\">K\u00fapi\u0165 kalifornsk\u00e9 d\u00e1\u017e\u010fovky<\/span>\n\t\t<\/span>\n\t\t\t\t\t<\/a>\n\t\t<\/div>\n\t\t\t\t<\/div>\n\t\t\t\t<\/div>\n\t\t\t\t<div class=\"elementor-element elementor-element-af503d7 elementor-widget elementor-widget-image\" data-id=\"af503d7\" data-element_type=\"widget\" data-widget_type=\"image.default\">\n\t\t\t\t<div class=\"elementor-widget-container\">\n\t\t\t\t\t\t\t\t<div class=\"elementor-image\">\n\t\t\t\t\t\t\t\t\t\t\t\t<img loading=\"lazy\" decoding=\"async\" width=\"640\" height=\"426\" src=\"https:\/\/www.vermikompostuj.cz\/wp-content\/uploads\/2020\/02\/wheelbarrow-3794784_640.jpg\" class=\"attachment-large size-large wp-image-17975\" alt=\"\" srcset=\"https:\/\/www.vermikompostuj.cz\/wp-content\/uploads\/2020\/02\/wheelbarrow-3794784_640.jpg 640w, https:\/\/www.vermikompostuj.cz\/wp-content\/uploads\/2020\/02\/wheelbarrow-3794784_640-300x200.jpg 300w\" sizes=\"auto, (max-width: 640px) 100vw, 640px\" \/>\t\t\t\t\t\t\t\t\t\t\t\t\t\t<\/div>\n\t\t\t\t\t\t<\/div>\n\t\t\t\t<\/div>\n\t\t\t\t\t\t<\/div>\n\t\t\t\t\t<\/div>\n\t\t<\/div>\n\t\t\t\t\t\t\t\t<\/div>\n\t\t\t\t\t<\/div>\n\t\t<\/section>\n\t\t\t\t<section class=\"elementor-section elementor-top-section elementor-element elementor-element-514794d2 elementor-section-boxed elementor-section-height-default elementor-section-height-default\" data-id=\"514794d2\" data-element_type=\"section\" data-settings=\"{&quot;background_background&quot;:&quot;classic&quot;}\">\n\t\t\t\t\t\t\t<div class=\"elementor-background-overlay\"><\/div>\n\t\t\t\t\t\t\t<div class=\"elementor-container elementor-column-gap-default\">\n\t\t\t\t\t\t\t<div class=\"elementor-row\">\n\t\t\t\t\t<div class=\"elementor-column elementor-col-100 elementor-top-column elementor-element elementor-element-4f54014e\" data-id=\"4f54014e\" data-element_type=\"column\">\n\t\t\t<div class=\"elementor-column-wrap elementor-element-populated\">\n\t\t\t\t\t\t\t<div class=\"elementor-widget-wrap\">\n\t\t\t\t\t\t<div class=\"elementor-element elementor-element-7b195ff3 elementor-widget elementor-widget-heading\" data-id=\"7b195ff3\" data-element_type=\"widget\" data-widget_type=\"heading.default\">\n\t\t\t\t<div class=\"elementor-widget-container\">\n\t\t\t<h2 class=\"elementor-heading-title elementor-size-default\">Najob\u013e\u00fabenej\u0161ie produkty<\/h2>\t\t<\/div>\n\t\t\t\t<\/div>\n\t\t\t\t<div class=\"elementor-element elementor-element-7a5bc235 elementor-widget elementor-widget-image\" data-id=\"7a5bc235\" data-element_type=\"widget\" data-widget_type=\"image.default\">\n\t\t\t\t<div class=\"elementor-widget-container\">\n\t\t\t\t\t\t\t\t<div class=\"elementor-image\">\n\t\t\t\t\t\t\t\t\t\t\t\t<img decoding=\"async\" src=\"https:\/\/www.vermikompostuj.cz\/wp-content\/uploads\/2019\/07\/logo-leaf-new.png\" title=\"\" alt=\"\" loading=\"lazy\" \/>\t\t\t\t\t\t\t\t\t\t\t\t\t\t<\/div>\n\t\t\t\t\t\t<\/div>\n\t\t\t\t<\/div>\n\t\t\t\t<div class=\"elementor-element elementor-element-16c07e02 elementor-widget elementor-widget-shortcode\" data-id=\"16c07e02\" data-element_type=\"widget\" data-widget_type=\"shortcode.default\">\n\t\t\t\t<div class=\"elementor-widget-container\">\n\t\t\t\t\t<div class=\"elementor-shortcode\"><div class=\"woocommerce columns-4 \"><\/div> <\/div>\n\t\t\t\t<\/div>\n\t\t\t\t<\/div>\n\t\t\t\t\t\t<\/div>\n\t\t\t\t\t<\/div>\n\t\t<\/div>\n\t\t\t\t\t\t\t\t<\/div>\n\t\t\t\t\t<\/div>\n\t\t<\/section>\n\t\t\t\t\t\t\t\t\t<\/div>\n\t\t\t<\/div>\n\t\t\t\t\t<\/div>\n\t\t","protected":false},"excerpt":{"rendered":"<p>\u010co patr\u00ed a nepatr\u00ed do vermikompost\u00e9ra? \u010co urob\u00ed d\u00e1\u017e\u010fovky naj\u0161\u0165astnej\u0161\u00edmi? Zvy\u0161ky ovocia a zeleniny &#8211; ide\u00e1lne s\u00fa nakr\u00e1jan\u00e9 na men\u0161ie k\u00fasky Cibu\u013eov\u00e9 a cesnakov\u00e9 \u0161upky \u010cajov\u00e9 vrec\u00fa\u0161ka Zvy\u0161ky k\u00e1vy &#8211; l\u00f3gr Potrhan\u00fd papier, serv\u00edtky, nezviazan\u00e9 \u010dasopisy Piliny Spadan\u00e9 l\u00edstie zo z\u00e1hrady &#8211; (okrem orechov) rozdrven\u00e9 vaje\u010dn\u00e9 \u0161krupiny &#8211; \u0161krupiny prid\u00e1vaj\u00fa do v\u00fdsledn\u00e9ho kompostu v\u00e1pnik, ktor\u00fd &hellip;<\/p>\n<p class=\"read-more\"> <a class=\"\" href=\"https:\/\/www.vermikompostuj.cz\/sk\/co-patri-do-vermikompostu\/\"> <span class=\"screen-reader-text\">\u010co patr\u00ed do vermikompostu?<\/span> \u010c\u00edtajte viac &raquo;<\/a><\/p>\n","protected":false},"author":1,"featured_media":0,"parent":0,"menu_order":0,"comment_status":"closed","ping_status":"closed","template":"","meta":{"site-sidebar-layout":"no-sidebar","site-content-layout":"page-builder","ast-global-header-display":"","ast-main-header-display":"","ast-hfb-above-header-display":"","ast-hfb-below-header-display":"","ast-hfb-mobile-header-display":"","site-post-title":"disabled","ast-breadcrumbs-content":"","ast-featured-img":"disabled","footer-sml-layout":"","theme-transparent-header-meta":"default","adv-header-id-meta":"","stick-header-meta":"","header-above-stick-meta":"","header-main-stick-meta":"","header-below-stick-meta":"","footnotes":""},"class_list":["post-18142","page","type-page","status-publish","hentry"],"yoast_head":"<!-- This site is optimized with the Yoast SEO plugin v24.1 - https:\/\/yoast.com\/wordpress\/plugins\/seo\/ -->\n<title>\u010co patr\u00ed a nepatr\u00ed do vermikompostu - Vermikompostuj.cz%<\/title>\n<meta name=\"description\" content=\"\u010c\u00edm k\u0155mi\u0165 kalifornsk\u00e9 d\u00e1\u017e\u010fovky, \u010do maj\u00fa rady, \u010do patr\u00ed a \u010do nepatr\u00ed do vermikompostu? To v\u0161etko n\u00e1jdete v na\u0161om \u010dl\u00e1nku. Vermikompostovanie, biologick\u00fd odpad.\" \/>\n<meta name=\"robots\" content=\"index, follow, max-snippet:-1, max-image-preview:large, max-video-preview:-1\" \/>\n<link rel=\"canonical\" href=\"https:\/\/www.vermikompostuj.cz\/sk\/co-patri-do-vermikompostu\/\" \/>\n<meta property=\"og:locale\" content=\"sk_SK\" \/>\n<meta property=\"og:type\" content=\"article\" \/>\n<meta property=\"og:title\" content=\"\u010co patr\u00ed a nepatr\u00ed do vermikompostu - Vermikompostuj.cz%\" \/>\n<meta property=\"og:description\" content=\"\u010c\u00edm k\u0155mi\u0165 kalifornsk\u00e9 d\u00e1\u017e\u010fovky, \u010do maj\u00fa rady, \u010do patr\u00ed a \u010do nepatr\u00ed do vermikompostu? To v\u0161etko n\u00e1jdete v na\u0161om \u010dl\u00e1nku. Vermikompostovanie, biologick\u00fd odpad.\" \/>\n<meta property=\"og:url\" content=\"https:\/\/www.vermikompostuj.cz\/sk\/co-patri-do-vermikompostu\/\" \/>\n<meta property=\"og:site_name\" content=\"Vermikompostuj.cz\" \/>\n<meta property=\"article:publisher\" content=\"https:\/\/www.facebook.com\/prodejkalifornskychzizal\/\" \/>\n<meta property=\"article:modified_time\" content=\"2023-03-05T20:55:25+00:00\" \/>\n<meta property=\"og:image\" content=\"https:\/\/www.vermikompostuj.cz\/wp-content\/uploads\/2020\/02\/4023782434_ce4f272223_b-768x512.jpg\" \/>\n<meta name=\"twitter:card\" content=\"summary_large_image\" \/>\n<meta name=\"twitter:label1\" content=\"Predpokladan\u00fd \u010das \u010d\u00edtania\" \/>\n\t<meta name=\"twitter:data1\" content=\"3 min\u00faty\" \/>\n<script type=\"application\/ld+json\" class=\"yoast-schema-graph\">{\"@context\":\"https:\/\/schema.org\",\"@graph\":[{\"@type\":\"WebPage\",\"@id\":\"https:\/\/www.vermikompostuj.cz\/sk\/co-patri-do-vermikompostu\/\",\"url\":\"https:\/\/www.vermikompostuj.cz\/sk\/co-patri-do-vermikompostu\/\",\"name\":\"\u010co patr\u00ed a nepatr\u00ed do vermikompostu - Vermikompostuj.cz%\",\"isPartOf\":{\"@id\":\"https:\/\/www.vermikompostuj.cz\/sk\/cz\/#website\"},\"primaryImageOfPage\":{\"@id\":\"https:\/\/www.vermikompostuj.cz\/sk\/co-patri-do-vermikompostu\/#primaryimage\"},\"image\":{\"@id\":\"https:\/\/www.vermikompostuj.cz\/sk\/co-patri-do-vermikompostu\/#primaryimage\"},\"thumbnailUrl\":\"https:\/\/www.vermikompostuj.cz\/wp-content\/uploads\/2020\/02\/4023782434_ce4f272223_b-768x512.jpg\",\"datePublished\":\"2020-02-21T16:59:24+00:00\",\"dateModified\":\"2023-03-05T20:55:25+00:00\",\"description\":\"\u010c\u00edm k\u0155mi\u0165 kalifornsk\u00e9 d\u00e1\u017e\u010fovky, \u010do maj\u00fa rady, \u010do patr\u00ed a \u010do nepatr\u00ed do vermikompostu? To v\u0161etko n\u00e1jdete v na\u0161om \u010dl\u00e1nku. Vermikompostovanie, biologick\u00fd odpad.\",\"breadcrumb\":{\"@id\":\"https:\/\/www.vermikompostuj.cz\/sk\/co-patri-do-vermikompostu\/#breadcrumb\"},\"inLanguage\":\"sk-SK\",\"potentialAction\":[{\"@type\":\"ReadAction\",\"target\":[\"https:\/\/www.vermikompostuj.cz\/sk\/co-patri-do-vermikompostu\/\"]}]},{\"@type\":\"ImageObject\",\"inLanguage\":\"sk-SK\",\"@id\":\"https:\/\/www.vermikompostuj.cz\/sk\/co-patri-do-vermikompostu\/#primaryimage\",\"url\":\"https:\/\/www.vermikompostuj.cz\/wp-content\/uploads\/2020\/02\/4023782434_ce4f272223_b-768x512.jpg\",\"contentUrl\":\"https:\/\/www.vermikompostuj.cz\/wp-content\/uploads\/2020\/02\/4023782434_ce4f272223_b-768x512.jpg\"},{\"@type\":\"BreadcrumbList\",\"@id\":\"https:\/\/www.vermikompostuj.cz\/sk\/co-patri-do-vermikompostu\/#breadcrumb\",\"itemListElement\":[{\"@type\":\"ListItem\",\"position\":1,\"name\":\"Dom\u016f\",\"item\":\"https:\/\/www.vermikompostuj.cz\/sk\/shop-2\/\"},{\"@type\":\"ListItem\",\"position\":2,\"name\":\"\u010co patr\u00ed do vermikompostu?\"}]},{\"@type\":\"WebSite\",\"@id\":\"https:\/\/www.vermikompostuj.cz\/sk\/cz\/#website\",\"url\":\"https:\/\/www.vermikompostuj.cz\/sk\/cz\/\",\"name\":\"Vermikompostuj.cz-Prodej kalifornsk\u00fdch \u017e\u00ed\u017eal\",\"description\":\"Prodej kalifornsk\u00fdch \u017e\u00ed\u017eal\",\"publisher\":{\"@id\":\"https:\/\/www.vermikompostuj.cz\/sk\/cz\/#organization\"},\"potentialAction\":[{\"@type\":\"SearchAction\",\"target\":{\"@type\":\"EntryPoint\",\"urlTemplate\":\"https:\/\/www.vermikompostuj.cz\/sk\/cz\/?s={search_term_string}\"},\"query-input\":{\"@type\":\"PropertyValueSpecification\",\"valueRequired\":true,\"valueName\":\"search_term_string\"}}],\"inLanguage\":\"sk-SK\"},{\"@type\":\"Organization\",\"@id\":\"https:\/\/www.vermikompostuj.cz\/sk\/cz\/#organization\",\"name\":\"Vermikompostuj.cz\",\"url\":\"https:\/\/www.vermikompostuj.cz\/sk\/cz\/\",\"logo\":{\"@type\":\"ImageObject\",\"inLanguage\":\"sk-SK\",\"@id\":\"https:\/\/www.vermikompostuj.cz\/sk\/cz\/#\/schema\/logo\/image\/\",\"url\":\"https:\/\/www.vermikompostuj.cz\/wp-content\/uploads\/2020\/02\/8593932_001V-1.jpg\",\"contentUrl\":\"https:\/\/www.vermikompostuj.cz\/wp-content\/uploads\/2020\/02\/8593932_001V-1.jpg\",\"width\":840,\"height\":558,\"caption\":\"Vermikompostuj.cz\"},\"image\":{\"@id\":\"https:\/\/www.vermikompostuj.cz\/sk\/cz\/#\/schema\/logo\/image\/\"},\"sameAs\":[\"https:\/\/www.facebook.com\/prodejkalifornskychzizal\/\",\"https:\/\/www.instagram.com\/vermikompostuj.cz\/\",\"https:\/\/cs.wikipedia.org\/wiki\/Vermikompost\"]}]}<\/script>\n<!-- \/ Yoast SEO plugin. -->","yoast_head_json":{"title":"\u010co patr\u00ed a nepatr\u00ed do vermikompostu - Vermikompostuj.cz%","description":"\u010c\u00edm k\u0155mi\u0165 kalifornsk\u00e9 d\u00e1\u017e\u010fovky, \u010do maj\u00fa rady, \u010do patr\u00ed a \u010do nepatr\u00ed do vermikompostu? To v\u0161etko n\u00e1jdete v na\u0161om \u010dl\u00e1nku. Vermikompostovanie, biologick\u00fd odpad.","robots":{"index":"index","follow":"follow","max-snippet":"max-snippet:-1","max-image-preview":"max-image-preview:large","max-video-preview":"max-video-preview:-1"},"canonical":"https:\/\/www.vermikompostuj.cz\/sk\/co-patri-do-vermikompostu\/","og_locale":"sk_SK","og_type":"article","og_title":"\u010co patr\u00ed a nepatr\u00ed do vermikompostu - Vermikompostuj.cz%","og_description":"\u010c\u00edm k\u0155mi\u0165 kalifornsk\u00e9 d\u00e1\u017e\u010fovky, \u010do maj\u00fa rady, \u010do patr\u00ed a \u010do nepatr\u00ed do vermikompostu? To v\u0161etko n\u00e1jdete v na\u0161om \u010dl\u00e1nku. Vermikompostovanie, biologick\u00fd odpad.","og_url":"https:\/\/www.vermikompostuj.cz\/sk\/co-patri-do-vermikompostu\/","og_site_name":"Vermikompostuj.cz","article_publisher":"https:\/\/www.facebook.com\/prodejkalifornskychzizal\/","article_modified_time":"2023-03-05T20:55:25+00:00","og_image":[{"url":"https:\/\/www.vermikompostuj.cz\/wp-content\/uploads\/2020\/02\/4023782434_ce4f272223_b-768x512.jpg","type":"","width":"","height":""}],"twitter_card":"summary_large_image","twitter_misc":{"Predpokladan\u00fd \u010das \u010d\u00edtania":"3 min\u00faty"},"schema":{"@context":"https:\/\/schema.org","@graph":[{"@type":"WebPage","@id":"https:\/\/www.vermikompostuj.cz\/sk\/co-patri-do-vermikompostu\/","url":"https:\/\/www.vermikompostuj.cz\/sk\/co-patri-do-vermikompostu\/","name":"\u010co patr\u00ed a nepatr\u00ed do vermikompostu - Vermikompostuj.cz%","isPartOf":{"@id":"https:\/\/www.vermikompostuj.cz\/sk\/cz\/#website"},"primaryImageOfPage":{"@id":"https:\/\/www.vermikompostuj.cz\/sk\/co-patri-do-vermikompostu\/#primaryimage"},"image":{"@id":"https:\/\/www.vermikompostuj.cz\/sk\/co-patri-do-vermikompostu\/#primaryimage"},"thumbnailUrl":"https:\/\/www.vermikompostuj.cz\/wp-content\/uploads\/2020\/02\/4023782434_ce4f272223_b-768x512.jpg","datePublished":"2020-02-21T16:59:24+00:00","dateModified":"2023-03-05T20:55:25+00:00","description":"\u010c\u00edm k\u0155mi\u0165 kalifornsk\u00e9 d\u00e1\u017e\u010fovky, \u010do maj\u00fa rady, \u010do patr\u00ed a \u010do nepatr\u00ed do vermikompostu? To v\u0161etko n\u00e1jdete v na\u0161om \u010dl\u00e1nku. Vermikompostovanie, biologick\u00fd odpad.","breadcrumb":{"@id":"https:\/\/www.vermikompostuj.cz\/sk\/co-patri-do-vermikompostu\/#breadcrumb"},"inLanguage":"sk-SK","potentialAction":[{"@type":"ReadAction","target":["https:\/\/www.vermikompostuj.cz\/sk\/co-patri-do-vermikompostu\/"]}]},{"@type":"ImageObject","inLanguage":"sk-SK","@id":"https:\/\/www.vermikompostuj.cz\/sk\/co-patri-do-vermikompostu\/#primaryimage","url":"https:\/\/www.vermikompostuj.cz\/wp-content\/uploads\/2020\/02\/4023782434_ce4f272223_b-768x512.jpg","contentUrl":"https:\/\/www.vermikompostuj.cz\/wp-content\/uploads\/2020\/02\/4023782434_ce4f272223_b-768x512.jpg"},{"@type":"BreadcrumbList","@id":"https:\/\/www.vermikompostuj.cz\/sk\/co-patri-do-vermikompostu\/#breadcrumb","itemListElement":[{"@type":"ListItem","position":1,"name":"Dom\u016f","item":"https:\/\/www.vermikompostuj.cz\/sk\/shop-2\/"},{"@type":"ListItem","position":2,"name":"\u010co patr\u00ed do vermikompostu?"}]},{"@type":"WebSite","@id":"https:\/\/www.vermikompostuj.cz\/sk\/cz\/#website","url":"https:\/\/www.vermikompostuj.cz\/sk\/cz\/","name":"Vermikompostuj.cz-Prodej kalifornsk\u00fdch \u017e\u00ed\u017eal","description":"Prodej kalifornsk\u00fdch \u017e\u00ed\u017eal","publisher":{"@id":"https:\/\/www.vermikompostuj.cz\/sk\/cz\/#organization"},"potentialAction":[{"@type":"SearchAction","target":{"@type":"EntryPoint","urlTemplate":"https:\/\/www.vermikompostuj.cz\/sk\/cz\/?s={search_term_string}"},"query-input":{"@type":"PropertyValueSpecification","valueRequired":true,"valueName":"search_term_string"}}],"inLanguage":"sk-SK"},{"@type":"Organization","@id":"https:\/\/www.vermikompostuj.cz\/sk\/cz\/#organization","name":"Vermikompostuj.cz","url":"https:\/\/www.vermikompostuj.cz\/sk\/cz\/","logo":{"@type":"ImageObject","inLanguage":"sk-SK","@id":"https:\/\/www.vermikompostuj.cz\/sk\/cz\/#\/schema\/logo\/image\/","url":"https:\/\/www.vermikompostuj.cz\/wp-content\/uploads\/2020\/02\/8593932_001V-1.jpg","contentUrl":"https:\/\/www.vermikompostuj.cz\/wp-content\/uploads\/2020\/02\/8593932_001V-1.jpg","width":840,"height":558,"caption":"Vermikompostuj.cz"},"image":{"@id":"https:\/\/www.vermikompostuj.cz\/sk\/cz\/#\/schema\/logo\/image\/"},"sameAs":["https:\/\/www.facebook.com\/prodejkalifornskychzizal\/","https:\/\/www.instagram.com\/vermikompostuj.cz\/","https:\/\/cs.wikipedia.org\/wiki\/Vermikompost"]}]}},"_links":{"self":[{"href":"https:\/\/www.vermikompostuj.cz\/sk\/wp-json\/wp\/v2\/pages\/18142","targetHints":{"allow":["GET"]}}],"collection":[{"href":"https:\/\/www.vermikompostuj.cz\/sk\/wp-json\/wp\/v2\/pages"}],"about":[{"href":"https:\/\/www.vermikompostuj.cz\/sk\/wp-json\/wp\/v2\/types\/page"}],"author":[{"embeddable":true,"href":"https:\/\/www.vermikompostuj.cz\/sk\/wp-json\/wp\/v2\/users\/1"}],"replies":[{"embeddable":true,"href":"https:\/\/www.vermikompostuj.cz\/sk\/wp-json\/wp\/v2\/comments?post=18142"}],"version-history":[{"count":1,"href":"https:\/\/www.vermikompostuj.cz\/sk\/wp-json\/wp\/v2\/pages\/18142\/revisions"}],"predecessor-version":[{"id":18144,"href":"https:\/\/www.vermikompostuj.cz\/sk\/wp-json\/wp\/v2\/pages\/18142\/revisions\/18144"}],"wp:attachment":[{"href":"https:\/\/www.vermikompostuj.cz\/sk\/wp-json\/wp\/v2\/media?parent=18142"}],"curies":[{"name":"wp","href":"https:\/\/api.w.org\/{rel}","templated":true}]}}